{"id":1522,"date":"2022-12-10T19:36:33","date_gmt":"2022-12-10T19:36:33","guid":{"rendered":"https:\/\/www.petuya.fr\/?post_type=product&#038;p=1522"},"modified":"2025-09-02T15:46:22","modified_gmt":"2025-09-02T15:46:22","slug":"le-matelas-nomade-bebe","status":"publish","type":"product","link":"https:\/\/petuya.fr\/en\/product\/le-matelas-nomade-bebe\/","title":{"rendered":"Le Matelas Nomade B\u00e9b\u00e9"},"content":{"rendered":"<p><strong>Caract\u00e9ristiques du matelas :<br \/>\n<\/strong><span style=\"font-weight: 400;\"><strong>Taille : <\/strong><\/span><span style=\"font-weight: 400;\">60X120<br \/>\n<\/span><span style=\"font-weight: 400;\"><strong>Couleurs des points de fixation au choix : <\/strong><\/span><span style=\"font-weight: 400;\">Rouge \u2013 Rose \u2013 Orange \u2013 Safran \u2013 Orange \u2013 Bleu \u2013 Gris \u2013 Taupe \u2013 Camel (pure laine teinture v\u00e9g\u00e9tale)<br \/>\n<strong>Garnissage :<\/strong> Pure laine<br \/>\n<strong>Tissu :<\/strong> Lin naturel<br \/>\n<\/span><\/p>\n<p><strong>Pourquoi choisir ce matelas ?<br \/>\n<\/strong><span style=\"font-weight: 400;\">Le <strong>sommeil<\/strong> est le plus puissant moyen de se <strong>r\u00e9g\u00e9n\u00e9rer<\/strong>.<br \/>\n<\/span><span style=\"font-weight: 400;\">Ce <strong>matelas nomade<\/strong> est id\u00e9al pour <strong>prendre soin du sommeil <\/strong>de votre <strong>b\u00e9b\u00e9<\/strong> \/ <strong>enfant<\/strong> (jusqu\u2019\u00e0 ce que l\u2019enfant soit trop grand\u2026 apr\u00e8s il ravira petits et grands pour faire la sieste sous le pommier\u2026) de fa\u00e7on pratique chez vous ou en d\u00e9placement.<br \/>\n<\/span><span style=\"font-weight: 400;\">Il se plie en 3 ou en 2 gr\u00e2ce \u00e0 un syst\u00e8me de boutonni\u00e8res et boutons de buis. Ce matelas nomade se range et se d\u00e9place facilement gr\u00e2ce \u00e0 sa sangle de transport amovible. Il est pratique, \u00e0 m\u00eame le sol ou dans un lit parapluie pour le matelas b\u00e9b\u00e9.<\/span><\/p>\n<p><span style=\"font-weight: 400;\">Un <strong>confort unique<\/strong>, du fait que la laine et le lin sont naturellement les plus performants du monde pour r\u00e9guler l\u2019humidit\u00e9 : un atout des plus importants quand on sait que l\u2019on transpire entre 30 et 50cl par nuit.<br \/>\n<\/span><span style=\"font-weight: 400;\">Faites l\u2019essai lors d\u2019une ballade avec une chaussette en laine et une en coton, un t-shirt en lin et un t-shirt en coton. Votre corps reste au sec avec la laine et le lin tandis qu\u2019il sera dans son humidit\u00e9 avec du coton.<br \/>\n<\/span><span style=\"font-weight: 400;\">La laine et le lin coupent l\u2019\u00e9lectricit\u00e9 statique, isolent du froid, r\u00e9gulent l\u2019humidit\u00e9 et la chaleur. Ainsi vous offrez \u00e0 votre corps tout le confort et la juste chaleur dont il a besoin.<br \/>\n<\/span><span style=\"font-weight: 400;\">Le matelas est garni d\u2019une couche de feutre de literie artisanal (r\u00e9alis\u00e9 par nos soins), de pure laine en flocons (card\u00e9e par nos soins, flocons Texel d\u2019Alsace) et de pure laine napp\u00e9e (pure laine Blanche du Massif Central). L\u2019enveloppe est en lin naturel fran\u00e7ais. Le matelas est capitonn\u00e9 (points de fixation qui d\u00e9termine la fermet\u00e9 et assure le maintien de l\u2019enveloppe et du garnissage) avec de la laine teinture v\u00e9g\u00e9tale.<\/span><\/p>\n<p><strong>Conseils d\u2019entretien :<br \/>\n<\/strong><span style=\"font-weight: 400;\">Pensez \u00e0 a\u00e9rer r\u00e9guli\u00e8rement votre matelas, au grand air ou au soleil. C\u2019est comme cela que la laine se r\u00e9g\u00e9n\u00e8re, s\u2019auto-nettoie et reprend du gonflant.<br \/>\n<\/span><span style=\"font-weight: 400;\">Il est pr\u00e9f\u00e9rable pour l\u2019hygi\u00e8ne et les t\u00e2ches de prot\u00e9ger le matelas.<br \/>\n<\/span><span style=\"font-weight: 400;\">Taille sp\u00e9ciale et\/ou autre grammage, <a href=\"https:\/\/petuya.fr\/en\/contact\/\">nous consulter<\/a><\/span><\/p>\n<p><strong>Livraison :<\/strong><br \/>\n<span style=\"font-weight: 400;\">Sous 2 mois, sous r\u00e9serve de stocks<\/span><\/p>","protected":false},"excerpt":{"rendered":"<p>Fait \u00e0 la main, dans la pure tradition, en pi\u00e8ce unqiue. Ce matelas nomade est id\u00e9al pour prendre soin du sommeil de votre b\u00e9b\u00e9 \/ enfant de fa\u00e7on pratique chez vous ou en d\u00e9placement. Compl\u00e9ment id\u00e9al dans un lit parapluie.<\/p>","protected":false},"featured_media":2288,"template":"","meta":{"site-sidebar-layout":"default","site-content-layout":"default","ast-site-content-layout":"default","site-content-style":"default","site-sidebar-style":"default","ast-global-header-display":"","ast-banner-title-visibility":"","ast-main-header-display":"","ast-hfb-above-header-display":"","ast-hfb-below-header-display":"","ast-hfb-mobile-header-display":"","site-post-title":"","ast-breadcrumbs-content":"","ast-featured-img":"","footer-sml-layout":"","ast-disable-related-posts":"","theme-transparent-header-meta":"default","adv-header-id-meta":"","stick-header-meta":"","header-above-stick-meta":"","header-main-stick-meta":"","header-below-stick-meta":"","astra-migrate-meta-layouts":"set","ast-page-background-enabled":"default","ast-page-background-meta":{"desktop":{"background-color":"var(--ast-global-color-4)","background-image":"","background-repeat":"repeat","background-position":"center center","background-size":"auto","background-attachment":"scroll","background-type":"","background-media":"","overlay-type":"","overlay-color":"","overlay-opacity":"","overlay-gradient":""},"tablet":{"background-color":"","background-image":"","background-repeat":"repeat","background-position":"center center","background-size":"auto","background-attachment":"scroll","background-type":"","background-media":"","overlay-type":"","overlay-color":"","overlay-opacity":"","overlay-gradient":""},"mobile":{"background-color":"","background-image":"","background-repeat":"repeat","background-position":"center center","background-size":"auto","background-attachment":"scroll","background-type":"","background-media":"","overlay-type":"","overlay-color":"","overlay-opacity":"","overlay-gradient":""}},"ast-content-background-meta":{"desktop":{"background-color":"var(--ast-global-color-5)","background-image":"","background-repeat":"repeat","background-position":"center center","background-size":"auto","background-attachment":"scroll","background-type":"","background-media":"","overlay-type":"","overlay-color":"","overlay-opacity":"","overlay-gradient":""},"tablet":{"background-color":"var(--ast-global-color-5)","background-image":"","background-repeat":"repeat","background-position":"center center","background-size":"auto","background-attachment":"scroll","background-type":"","background-media":"","overlay-type":"","overlay-color":"","overlay-opacity":"","overlay-gradient":""},"mobile":{"background-color":"var(--ast-global-color-5)","background-image":"","background-repeat":"repeat","background-position":"center center","background-size":"auto","background-attachment":"scroll","background-type":"","background-media":"","overlay-type":"","overlay-color":"","overlay-opacity":"","overlay-gradient":""}}},"product_brand":[],"product_cat":[54],"product_tag":[],"class_list":{"0":"post-1522","1":"product","2":"type-product","3":"status-publish","4":"has-post-thumbnail","6":"product_cat-collection-bebe","7":"product_shipping_class-colissimo-avec-signature","8":"desktop-align-left","9":"tablet-align-left","10":"mobile-align-left","12":"first","13":"instock","14":"taxable","15":"shipping-taxable","16":"purchasable","17":"product-type-simple"},"yoast_head":"<!-- This site is optimized with the Yoast SEO plugin v27.5 - https:\/\/yoast.com\/product\/yoast-seo-wordpress\/ -->\n<title>Le Matelas Nomade B\u00e9b\u00e9 - P\u00e9tuya<\/title>\n<meta name=\"description\" content=\"D\u00e9couvrez notre matelas nomade pour b\u00e9b\u00e9 et enfant en laine et lin naturel pour prendre soin de son sommeil. Pratique, il s&#039;emporte partout.\" \/>\n<meta name=\"robots\" content=\"index, follow, max-snippet:-1, max-image-preview:large, max-video-preview:-1\" \/>\n<link rel=\"canonical\" href=\"https:\/\/petuya.fr\/en\/product\/le-matelas-nomade-bebe\/\" \/>\n<meta property=\"og:locale\" content=\"en_US\" \/>\n<meta property=\"og:type\" content=\"article\" \/>\n<meta property=\"og:title\" content=\"Le Matelas Nomade B\u00e9b\u00e9 - P\u00e9tuya\" \/>\n<meta property=\"og:description\" content=\"D\u00e9couvrez notre matelas nomade pour b\u00e9b\u00e9 et enfant en laine et lin naturel pour prendre soin de son sommeil. Pratique, il s&#039;emporte partout.\" \/>\n<meta property=\"og:url\" content=\"https:\/\/petuya.fr\/en\/product\/le-matelas-nomade-bebe\/\" \/>\n<meta property=\"og:site_name\" content=\"Petuya - Couette et Oreillers laine et lin - Made in France\" \/>\n<meta property=\"article:publisher\" content=\"https:\/\/www.facebook.com\/StephaniePetuya.Literie\" \/>\n<meta property=\"article:modified_time\" content=\"2025-09-02T15:46:22+00:00\" \/>\n<meta property=\"og:image\" content=\"https:\/\/i0.wp.com\/petuya.fr\/wp-content\/uploads\/2022\/12\/matelas-nomade-enfant-scaled.jpg?fit=2560%2C1705&ssl=1\" \/>\n\t<meta property=\"og:image:width\" content=\"2560\" \/>\n\t<meta property=\"og:image:height\" content=\"1705\" \/>\n\t<meta property=\"og:image:type\" content=\"image\/jpeg\" \/>\n<meta name=\"twitter:card\" content=\"summary_large_image\" \/>\n<meta name=\"twitter:label1\" content=\"Est. reading time\" \/>\n\t<meta name=\"twitter:data1\" content=\"3 minutes\" \/>\n<script type=\"application\/ld+json\" class=\"yoast-schema-graph\">{\"@context\":\"https:\\\/\\\/schema.org\",\"@graph\":[{\"@type\":\"WebPage\",\"@id\":\"https:\\\/\\\/petuya.fr\\\/produit\\\/le-matelas-nomade-bebe\\\/\",\"url\":\"https:\\\/\\\/petuya.fr\\\/produit\\\/le-matelas-nomade-bebe\\\/\",\"name\":\"Le Matelas Nomade B\u00e9b\u00e9 - P\u00e9tuya\",\"isPartOf\":{\"@id\":\"https:\\\/\\\/www.petuya.fr\\\/#website\"},\"primaryImageOfPage\":{\"@id\":\"https:\\\/\\\/petuya.fr\\\/produit\\\/le-matelas-nomade-bebe\\\/#primaryimage\"},\"image\":{\"@id\":\"https:\\\/\\\/petuya.fr\\\/produit\\\/le-matelas-nomade-bebe\\\/#primaryimage\"},\"thumbnailUrl\":\"https:\\\/\\\/i0.wp.com\\\/petuya.fr\\\/wp-content\\\/uploads\\\/2022\\\/12\\\/matelas-nomade-enfant-scaled.jpg?fit=2560%2C1705&ssl=1\",\"datePublished\":\"2022-12-10T19:36:33+00:00\",\"dateModified\":\"2025-09-02T15:46:22+00:00\",\"description\":\"D\u00e9couvrez notre matelas nomade pour b\u00e9b\u00e9 et enfant en laine et lin naturel pour prendre soin de son sommeil. Pratique, il s'emporte partout.\",\"breadcrumb\":{\"@id\":\"https:\\\/\\\/petuya.fr\\\/produit\\\/le-matelas-nomade-bebe\\\/#breadcrumb\"},\"inLanguage\":\"en-US\",\"potentialAction\":[{\"@type\":\"ReadAction\",\"target\":[\"https:\\\/\\\/petuya.fr\\\/produit\\\/le-matelas-nomade-bebe\\\/\"]}]},{\"@type\":\"ImageObject\",\"inLanguage\":\"en-US\",\"@id\":\"https:\\\/\\\/petuya.fr\\\/produit\\\/le-matelas-nomade-bebe\\\/#primaryimage\",\"url\":\"https:\\\/\\\/i0.wp.com\\\/petuya.fr\\\/wp-content\\\/uploads\\\/2022\\\/12\\\/matelas-nomade-enfant-scaled.jpg?fit=2560%2C1705&ssl=1\",\"contentUrl\":\"https:\\\/\\\/i0.wp.com\\\/petuya.fr\\\/wp-content\\\/uploads\\\/2022\\\/12\\\/matelas-nomade-enfant-scaled.jpg?fit=2560%2C1705&ssl=1\",\"width\":2560,\"height\":1705,\"caption\":\"matelas nomade enfant\"},{\"@type\":\"BreadcrumbList\",\"@id\":\"https:\\\/\\\/petuya.fr\\\/produit\\\/le-matelas-nomade-bebe\\\/#breadcrumb\",\"itemListElement\":[{\"@type\":\"ListItem\",\"position\":1,\"name\":\"Accueil\",\"item\":\"https:\\\/\\\/www.petuya.fr\\\/\"},{\"@type\":\"ListItem\",\"position\":2,\"name\":\"Produits\",\"item\":\"https:\\\/\\\/www.petuya.fr\\\/shop\\\/\"},{\"@type\":\"ListItem\",\"position\":3,\"name\":\"Le Matelas Nomade B\u00e9b\u00e9\"}]},{\"@type\":\"WebSite\",\"@id\":\"https:\\\/\\\/www.petuya.fr\\\/#website\",\"url\":\"https:\\\/\\\/www.petuya.fr\\\/\",\"name\":\"P\u00e9tuya\",\"description\":\"\",\"publisher\":{\"@id\":\"https:\\\/\\\/www.petuya.fr\\\/#organization\"},\"potentialAction\":[{\"@type\":\"SearchAction\",\"target\":{\"@type\":\"EntryPoint\",\"urlTemplate\":\"https:\\\/\\\/www.petuya.fr\\\/?s={search_term_string}\"},\"query-input\":{\"@type\":\"PropertyValueSpecification\",\"valueRequired\":true,\"valueName\":\"search_term_string\"}}],\"inLanguage\":\"en-US\"},{\"@type\":\"Organization\",\"@id\":\"https:\\\/\\\/www.petuya.fr\\\/#organization\",\"name\":\"P\u00e9tuya\",\"url\":\"https:\\\/\\\/www.petuya.fr\\\/\",\"logo\":{\"@type\":\"ImageObject\",\"inLanguage\":\"en-US\",\"@id\":\"https:\\\/\\\/www.petuya.fr\\\/#\\\/schema\\\/logo\\\/image\\\/\",\"url\":\"https:\\\/\\\/i0.wp.com\\\/petuya.fr\\\/wp-content\\\/uploads\\\/2022\\\/12\\\/PETUYA-2211-GRIS-FONCE-03.png?fit=1773%2C804&ssl=1\",\"contentUrl\":\"https:\\\/\\\/i0.wp.com\\\/petuya.fr\\\/wp-content\\\/uploads\\\/2022\\\/12\\\/PETUYA-2211-GRIS-FONCE-03.png?fit=1773%2C804&ssl=1\",\"width\":1773,\"height\":804,\"caption\":\"P\u00e9tuya\"},\"image\":{\"@id\":\"https:\\\/\\\/www.petuya.fr\\\/#\\\/schema\\\/logo\\\/image\\\/\"},\"sameAs\":[\"https:\\\/\\\/www.facebook.com\\\/StephaniePetuya.Literie\",\"https:\\\/\\\/www.instagram.com\\\/stephaniepetuya\\\/?igshid=YmMyMTA2M2Y\",\"https:\\\/\\\/www.pinterest.fr\\\/maisonpetuya\\\/\"]}]}<\/script>\n<!-- \/ Yoast SEO plugin. -->","yoast_head_json":{"title":"Le Matelas Nomade B\u00e9b\u00e9 - P\u00e9tuya","description":"D\u00e9couvrez notre matelas nomade pour b\u00e9b\u00e9 et enfant en laine et lin naturel pour prendre soin de son sommeil. Pratique, il s'emporte partout.","robots":{"index":"index","follow":"follow","max-snippet":"max-snippet:-1","max-image-preview":"max-image-preview:large","max-video-preview":"max-video-preview:-1"},"canonical":"https:\/\/petuya.fr\/en\/product\/le-matelas-nomade-bebe\/","og_locale":"en_US","og_type":"article","og_title":"Le Matelas Nomade B\u00e9b\u00e9 - P\u00e9tuya","og_description":"D\u00e9couvrez notre matelas nomade pour b\u00e9b\u00e9 et enfant en laine et lin naturel pour prendre soin de son sommeil. Pratique, il s'emporte partout.","og_url":"https:\/\/petuya.fr\/en\/product\/le-matelas-nomade-bebe\/","og_site_name":"Petuya - Couette et Oreillers laine et lin - Made in France","article_publisher":"https:\/\/www.facebook.com\/StephaniePetuya.Literie","article_modified_time":"2025-09-02T15:46:22+00:00","og_image":[{"width":2560,"height":1705,"url":"https:\/\/i0.wp.com\/petuya.fr\/wp-content\/uploads\/2022\/12\/matelas-nomade-enfant-scaled.jpg?fit=2560%2C1705&ssl=1","type":"image\/jpeg"}],"twitter_card":"summary_large_image","twitter_misc":{"Est. reading time":"3 minutes"},"schema":{"@context":"https:\/\/schema.org","@graph":[{"@type":"WebPage","@id":"https:\/\/petuya.fr\/produit\/le-matelas-nomade-bebe\/","url":"https:\/\/petuya.fr\/produit\/le-matelas-nomade-bebe\/","name":"Le Matelas Nomade B\u00e9b\u00e9 - P\u00e9tuya","isPartOf":{"@id":"https:\/\/www.petuya.fr\/#website"},"primaryImageOfPage":{"@id":"https:\/\/petuya.fr\/produit\/le-matelas-nomade-bebe\/#primaryimage"},"image":{"@id":"https:\/\/petuya.fr\/produit\/le-matelas-nomade-bebe\/#primaryimage"},"thumbnailUrl":"https:\/\/i0.wp.com\/petuya.fr\/wp-content\/uploads\/2022\/12\/matelas-nomade-enfant-scaled.jpg?fit=2560%2C1705&ssl=1","datePublished":"2022-12-10T19:36:33+00:00","dateModified":"2025-09-02T15:46:22+00:00","description":"D\u00e9couvrez notre matelas nomade pour b\u00e9b\u00e9 et enfant en laine et lin naturel pour prendre soin de son sommeil. Pratique, il s'emporte partout.","breadcrumb":{"@id":"https:\/\/petuya.fr\/produit\/le-matelas-nomade-bebe\/#breadcrumb"},"inLanguage":"en-US","potentialAction":[{"@type":"ReadAction","target":["https:\/\/petuya.fr\/produit\/le-matelas-nomade-bebe\/"]}]},{"@type":"ImageObject","inLanguage":"en-US","@id":"https:\/\/petuya.fr\/produit\/le-matelas-nomade-bebe\/#primaryimage","url":"https:\/\/i0.wp.com\/petuya.fr\/wp-content\/uploads\/2022\/12\/matelas-nomade-enfant-scaled.jpg?fit=2560%2C1705&ssl=1","contentUrl":"https:\/\/i0.wp.com\/petuya.fr\/wp-content\/uploads\/2022\/12\/matelas-nomade-enfant-scaled.jpg?fit=2560%2C1705&ssl=1","width":2560,"height":1705,"caption":"matelas nomade enfant"},{"@type":"BreadcrumbList","@id":"https:\/\/petuya.fr\/produit\/le-matelas-nomade-bebe\/#breadcrumb","itemListElement":[{"@type":"ListItem","position":1,"name":"Accueil","item":"https:\/\/www.petuya.fr\/"},{"@type":"ListItem","position":2,"name":"Produits","item":"https:\/\/www.petuya.fr\/shop\/"},{"@type":"ListItem","position":3,"name":"Le Matelas Nomade B\u00e9b\u00e9"}]},{"@type":"WebSite","@id":"https:\/\/www.petuya.fr\/#website","url":"https:\/\/www.petuya.fr\/","name":"P\u00e9tuya","description":"","publisher":{"@id":"https:\/\/www.petuya.fr\/#organization"},"potentialAction":[{"@type":"SearchAction","target":{"@type":"EntryPoint","urlTemplate":"https:\/\/www.petuya.fr\/?s={search_term_string}"},"query-input":{"@type":"PropertyValueSpecification","valueRequired":true,"valueName":"search_term_string"}}],"inLanguage":"en-US"},{"@type":"Organization","@id":"https:\/\/www.petuya.fr\/#organization","name":"P\u00e9tuya","url":"https:\/\/www.petuya.fr\/","logo":{"@type":"ImageObject","inLanguage":"en-US","@id":"https:\/\/www.petuya.fr\/#\/schema\/logo\/image\/","url":"https:\/\/i0.wp.com\/petuya.fr\/wp-content\/uploads\/2022\/12\/PETUYA-2211-GRIS-FONCE-03.png?fit=1773%2C804&ssl=1","contentUrl":"https:\/\/i0.wp.com\/petuya.fr\/wp-content\/uploads\/2022\/12\/PETUYA-2211-GRIS-FONCE-03.png?fit=1773%2C804&ssl=1","width":1773,"height":804,"caption":"P\u00e9tuya"},"image":{"@id":"https:\/\/www.petuya.fr\/#\/schema\/logo\/image\/"},"sameAs":["https:\/\/www.facebook.com\/StephaniePetuya.Literie","https:\/\/www.instagram.com\/stephaniepetuya\/?igshid=YmMyMTA2M2Y","https:\/\/www.pinterest.fr\/maisonpetuya\/"]}]}},"jetpack_sharing_enabled":true,"_links":{"self":[{"href":"https:\/\/petuya.fr\/en\/wp-json\/wp\/v2\/product\/1522","targetHints":{"allow":["GET"]}}],"collection":[{"href":"https:\/\/petuya.fr\/en\/wp-json\/wp\/v2\/product"}],"about":[{"href":"https:\/\/petuya.fr\/en\/wp-json\/wp\/v2\/types\/product"}],"wp:featuredmedia":[{"embeddable":true,"href":"https:\/\/petuya.fr\/en\/wp-json\/wp\/v2\/media\/2288"}],"wp:attachment":[{"href":"https:\/\/petuya.fr\/en\/wp-json\/wp\/v2\/media?parent=1522"}],"wp:term":[{"taxonomy":"product_brand","embeddable":true,"href":"https:\/\/petuya.fr\/en\/wp-json\/wp\/v2\/product_brand?post=1522"},{"taxonomy":"product_cat","embeddable":true,"href":"https:\/\/petuya.fr\/en\/wp-json\/wp\/v2\/product_cat?post=1522"},{"taxonomy":"product_tag","embeddable":true,"href":"https:\/\/petuya.fr\/en\/wp-json\/wp\/v2\/product_tag?post=1522"}],"curies":[{"name":"wp","href":"https:\/\/api.w.org\/{rel}","templated":true}]}}